{"id":2427,"date":"2026-04-14T14:02:42","date_gmt":"2026-04-14T12:02:42","guid":{"rendered":"https:\/\/vanille-et-citron.fr\/?post_type=product&#038;p=2427"},"modified":"2026-04-14T14:02:42","modified_gmt":"2026-04-14T12:02:42","slug":"ourson-guimauve-le-6-06-26-de-9h00-a-11h30","status":"publish","type":"product","link":"https:\/\/vanille-et-citron.fr\/index.php\/produit\/ourson-guimauve-le-6-06-26-de-9h00-a-11h30\/","title":{"rendered":"ourson guimauve le 6\/06\/26 de 9h00 \u00e0 11H30"},"content":{"rendered":"","protected":false},"excerpt":{"rendered":"<p>Vous apprendrez \u00e0 r\u00e9aliser cette fameuse confiserie, r\u00e9gressive \u00e0 souhait, avec du sucre en moins et de la vanille en plus. Vous serez initi\u00e9 au temp\u00e9rage du chocolat, au moulage et r\u00e9aliserez une guimauve sans oeuf. Vous emporterez les oursons que vous aurez r\u00e9alis\u00e9s, \u00e0 moins qu&rsquo;ils soient d\u00e9vor\u00e9s sur place !<\/p>\n<p>Accueil \u00e0 8h45, 25 Rue Montaigne \u00e0 Saint Martin du Manoir.<\/p>\n","protected":false},"featured_media":2428,"comment_status":"open","ping_status":"closed","template":"","meta":[],"product_brand":[],"product_cat":[140],"product_tag":[],"class_list":{"0":"post-2427","1":"product","2":"type-product","3":"status-publish","4":"has-post-thumbnail","6":"product_cat-ateliers","8":"first","9":"instock","10":"virtual","11":"purchasable","12":"product-type-simple"},"aioseo_notices":[],"jetpack_sharing_enabled":true,"_links":{"self":[{"href":"https:\/\/vanille-et-citron.fr\/index.php\/wp-json\/wp\/v2\/product\/2427","targetHints":{"allow":["GET"]}}],"collection":[{"href":"https:\/\/vanille-et-citron.fr\/index.php\/wp-json\/wp\/v2\/product"}],"about":[{"href":"https:\/\/vanille-et-citron.fr\/index.php\/wp-json\/wp\/v2\/types\/product"}],"replies":[{"embeddable":true,"href":"https:\/\/vanille-et-citron.fr\/index.php\/wp-json\/wp\/v2\/comments?post=2427"}],"wp:featuredmedia":[{"embeddable":true,"href":"https:\/\/vanille-et-citron.fr\/index.php\/wp-json\/wp\/v2\/media\/2428"}],"wp:attachment":[{"href":"https:\/\/vanille-et-citron.fr\/index.php\/wp-json\/wp\/v2\/media?parent=2427"}],"wp:term":[{"taxonomy":"product_brand","embeddable":true,"href":"https:\/\/vanille-et-citron.fr\/index.php\/wp-json\/wp\/v2\/product_brand?post=2427"},{"taxonomy":"product_cat","embeddable":true,"href":"https:\/\/vanille-et-citron.fr\/index.php\/wp-json\/wp\/v2\/product_cat?post=2427"},{"taxonomy":"product_tag","embeddable":true,"href":"https:\/\/vanille-et-citron.fr\/index.php\/wp-json\/wp\/v2\/product_tag?post=2427"}],"curies":[{"name":"wp","href":"https:\/\/api.w.org\/{rel}","templated":true}]}}